{"id":43144,"date":"2024-02-15T22:08:34","date_gmt":"2024-02-16T01:08:34","guid":{"rendered":"https:\/\/www.pimentacultural.com\/open-access-ebooks\/"},"modified":"2025-05-08T17:38:28","modified_gmt":"2025-05-08T20:38:28","slug":"open-access-book","status":"publish","type":"page","link":"https:\/\/www.pimentacultural.com\/en\/open-access-book\/","title":{"rendered":"Open Access Book"},"content":{"rendered":"\t\t<div data-elementor-type=\"wp-page\" data-elementor-id=\"43144\" class=\"elementor elementor-43144 elementor-15630\" data-elementor-post-type=\"page\">\n\t\t\t\t<div class=\"wd-negative-gap elementor-element elementor-element-dfdb3bd e-flex e-con-boxed wpr-particle-no wpr-jarallax-no wpr-parallax-no wpr-sticky-section-no wpr-equal-height-no e-con e-parent\" data-id=\"dfdb3bd\" data-element_type=\"container\" data-e-type=\"container\">\n\t\t\t\t\t<div class=\"e-con-inner\">\n\t\t\t\t<div class=\"elementor-element elementor-element-08c7493 elementor-widget elementor-widget-heading\" data-id=\"08c7493\" data-element_type=\"widget\" data-e-type=\"widget\" data-widget_type=\"heading.default\">\n\t\t\t\t<div class=\"elementor-widget-container\">\n\t\t\t\t\t<h1 class=\"elementor-heading-title elementor-size-default\">About Open Access books<\/h1>\t\t\t\t<\/div>\n\t\t\t\t<\/div>\n\t\t\t\t<div class=\"elementor-element elementor-element-44af442f color-scheme-inherit text-left elementor-widget elementor-widget-text-editor\" data-id=\"44af442f\" data-element_type=\"widget\" data-e-type=\"widget\" data-widget_type=\"text-editor.default\">\n\t\t\t\t<div class=\"elementor-widget-container\">\n\t\t\t\t\t\t\t\t\t<p>Pimenta Cultural publishes and helps authors to disseminate their research and bring it to the widest possible audience. The main objective in publishing your book is to disseminate knowledge and, based on your findings, have a positive impact on your field of study around the world.<\/p><p>Here you can publish your research in a <strong>digital book with open access<\/strong> and gain all the benefits that this type of publication can bring you academically and professionally.<\/p><p>Publishing your book or article in open access free of charge and permanently is a major step forward for the scientific field, since your research can be found anywhere in the world.<\/p><p>We have been publishing open access digital books since the publishing house was founded in 2012. We work with all areas of knowledge and have the necessary experience to ensure that your research is read and shared widely.<\/p><p>If you only choose to publish your book digitally at first, you can request adaptation and publication in printed format as soon as you wish. There is no set deadline for this, you can make the request at anytime.<\/p>\t\t\t\t\t\t\t\t<\/div>\n\t\t\t\t<\/div>\n\t\t\t\t<div class=\"elementor-element elementor-element-8e07dd3 elementor-widget elementor-widget-heading\" data-id=\"8e07dd3\" data-element_type=\"widget\" data-e-type=\"widget\" data-widget_type=\"heading.default\">\n\t\t\t\t<div class=\"elementor-widget-container\">\n\t\t\t\t\t<h3 class=\"elementor-heading-title elementor-size-default\">The publication can be done in format:<\/h3>\t\t\t\t<\/div>\n\t\t\t\t<\/div>\n\t\t\t\t<div class=\"elementor-element elementor-element-3fc043b9 color-scheme-inherit text-left elementor-widget elementor-widget-text-editor\" data-id=\"3fc043b9\" data-element_type=\"widget\" data-e-type=\"widget\" data-widget_type=\"text-editor.default\">\n\t\t\t\t<div class=\"elementor-widget-container\">\n\t\t\t\t\t\t\t\t\t<ul><li>open access book: PDF, ePub, and other formats;<\/li><li>printed book: hardcover, paperback, and others;<\/li><li>both formats: open access book and printed book.<\/li><\/ul>\t\t\t\t\t\t\t\t<\/div>\n\t\t\t\t<\/div>\n\t\t\t\t<div class=\"elementor-element elementor-element-bb17e39 color-scheme-inherit text-left elementor-widget elementor-widget-text-editor\" data-id=\"bb17e39\" data-element_type=\"widget\" data-e-type=\"widget\" data-widget_type=\"text-editor.default\">\n\t\t\t\t<div class=\"elementor-widget-container\">\n\t\t\t\t\t\t\t\t\t<p>If you choose to contract the print and digital publication, but do not request printing at the time of contracting, it can be requested at any time after publication. What&#8217;s more, by publishing in print, your book will be available on the PoD (printing on demand) system, where you can buy just one unit, as can anyone who is interested in your work.<\/p>\t\t\t\t\t\t\t\t<\/div>\n\t\t\t\t<\/div>\n\t\t\t\t\t<\/div>\n\t\t\t\t<\/div>\n\t\t<div class=\"wd-negative-gap elementor-element elementor-element-71393559 wd-section-stretch e-flex e-con-boxed wpr-particle-no wpr-jarallax-no wpr-parallax-no wpr-sticky-section-no wpr-equal-height-no e-con e-parent\" data-id=\"71393559\" data-element_type=\"container\" data-e-type=\"container\">\n\t\t\t\t\t<div class=\"e-con-inner\">\n\t\t\t\t<div class=\"elementor-element elementor-element-d762c86 elementor-widget elementor-widget-heading\" data-id=\"d762c86\" data-element_type=\"widget\" data-e-type=\"widget\" data-widget_type=\"heading.default\">\n\t\t\t\t<div class=\"elementor-widget-container\">\n\t\t\t\t\t<h2 class=\"elementor-heading-title elementor-size-default\">Creative Commons License<\/h2>\t\t\t\t<\/div>\n\t\t\t\t<\/div>\n\t\t\t\t<div class=\"elementor-element elementor-element-a42ea5a color-scheme-inherit text-left elementor-widget elementor-widget-text-editor\" data-id=\"a42ea5a\" data-element_type=\"widget\" data-e-type=\"widget\" data-widget_type=\"text-editor.default\">\n\t\t\t\t<div class=\"elementor-widget-container\">\n\t\t\t\t\t\t\t\t\t<p>Once published, the digital books are made available to read and download for free on the Pimenta Cultural publishing house website, without the need to log in or provide data, and on various national and international indexers under a Creative Commons License.<\/p>\n<p><strong>The digital books<\/strong> are published under the Creative Commons License &#8211; Attribution-NonCommercial-NoDerivatives 4.0 International &#8211; CC BY-NC (CC BY-NC-ND) &#8211; which gives anyone the freedom to share and copy, while protecting their Copyright. Although Creative Commons licenses allow the sharing and copying of works, the quotation of excerpts and respect for authorship are protected under the Copyright Law (Law 9.610\/98). Article 46(III) states that &#8220;it does not constitute an offense to copyright to quote passages from any work in books, newspapers, magazines or any other means of communication, for the purposes of study, criticism or polemic, to the extent justified for the purpose to be achieved, indicating the name of the author and the origin of the work&#8221;.<\/p>\n\t\t\t\t\t\t\t\t<\/div>\n\t\t\t\t<\/div>\n\t\t\t\t<div class=\"elementor-element elementor-element-701e155 elementor-widget elementor-widget-heading\" data-id=\"701e155\" data-element_type=\"widget\" data-e-type=\"widget\" data-widget_type=\"heading.default\">\n\t\t\t\t<div class=\"elementor-widget-container\">\n\t\t\t\t\t<h2 class=\"elementor-heading-title elementor-size-default\">Indexers and visibility<\/h2>\t\t\t\t<\/div>\n\t\t\t\t<\/div>\n\t\t\t\t<div class=\"elementor-element elementor-element-0b82071 color-scheme-inherit text-left elementor-widget elementor-widget-text-editor\" data-id=\"0b82071\" data-element_type=\"widget\" data-e-type=\"widget\" data-widget_type=\"text-editor.default\">\n\t\t\t\t<div class=\"elementor-widget-container\">\n\t\t\t\t\t\t\t\t\t<p><span style=\"text-decoration: underline;\"><strong>The books are open to the public and we distribute them free of charge<\/strong><\/span> on the Pimenta Cultural website and on various national and international indexers, <a href=\"https:\/\/www.pimentacultural.com\/en\/indexers\/\"><span style=\"text-decoration: underline;\"><strong>click here to find out more<\/strong><\/span><\/a>. They are also sent to more than 400 university libraries registered in our mailing list and to more than 25,000 researchers, students and teachers in our database.<\/p>\t\t\t\t\t\t\t\t<\/div>\n\t\t\t\t<\/div>\n\t\t\t\t<div class=\"elementor-element elementor-element-9c49af2 elementor-widget elementor-widget-heading\" data-id=\"9c49af2\" data-element_type=\"widget\" data-e-type=\"widget\" data-widget_type=\"heading.default\">\n\t\t\t\t<div class=\"elementor-widget-container\">\n\t\t\t\t\t<h2 class=\"elementor-heading-title elementor-size-default\">About the length of the books<\/h2>\t\t\t\t<\/div>\n\t\t\t\t<\/div>\n\t\t\t\t<div class=\"elementor-element elementor-element-3eb05e4 color-scheme-inherit text-left elementor-widget elementor-widget-text-editor\" data-id=\"3eb05e4\" data-element_type=\"widget\" data-e-type=\"widget\" data-widget_type=\"text-editor.default\">\n\t\t\t\t<div class=\"elementor-widget-container\">\n\t\t\t\t\t\t\t\t\t<p>PDF (Portable Document Format) and ePub (Electronic Publication) are both digital formats for digital books, but there are some important differences between them.<\/p>\n\t\t\t\t\t\t\t\t<\/div>\n\t\t\t\t<\/div>\n\t\t\t\t<div class=\"elementor-element elementor-element-8d638c8 elementor-widget elementor-widget-heading\" data-id=\"8d638c8\" data-element_type=\"widget\" data-e-type=\"widget\" data-widget_type=\"heading.default\">\n\t\t\t\t<div class=\"elementor-widget-container\">\n\t\t\t\t\t<h2 class=\"elementor-heading-title elementor-size-default\">Interactive, accessible and differentiated digital book<\/h2>\t\t\t\t<\/div>\n\t\t\t\t<\/div>\n\t\t\t\t<div class=\"elementor-element elementor-element-374d30d color-scheme-inherit text-left elementor-widget elementor-widget-text-editor\" data-id=\"374d30d\" data-element_type=\"widget\" data-e-type=\"widget\" data-widget_type=\"text-editor.default\">\n\t\t\t\t<div class=\"elementor-widget-container\">\n\t\t\t\t\t\t\t\t\t<p>Our <strong>eBooks <\/strong>have a distinctive editorial and graphic design, and are not simply a PDF file. <a href=\"https:\/\/www.pimentacultural.com\/en\/home\/livro-2\/\"><br \/><span style=\"text-decoration: underline;\"><br \/><strong>Access one of our books and see for yourself.<\/strong><br \/><\/span><\/a><\/p><p>The open access digital books published by Pimenta Cultural are in square format, with artwork created especially for each project. This is our identity and what helps to differentiate us, but we have more than that. Our digital books are really made for this purpose, they are not just a PDF file.<\/p><p>The eBooks are programmed with internal and external navigation links, bookmarks in the title and subtitle entries, hyperlinks in the table of contents and index, metadata programming and other details that further enrich the work.<\/p><p>All the works published by Pimenta Cultural strive to share knowledge widely. For this reason, the books have basic accessibility features, making it easier to identify headings and paragraphs. Images, graphics and other special elements can also be described at the request of the authors and subject to prior quotation. The content is open and can be read by screen readers.<\/p><p>The main aim of all this work is to ensure that the book has a wide audience, as well as being aesthetically pleasing and easy to navigate.<\/p>\t\t\t\t\t\t\t\t<\/div>\n\t\t\t\t<\/div>\n\t\t\t\t\t<\/div>\n\t\t\t\t<\/div>\n\t\t<div class=\"wd-negative-gap elementor-element elementor-element-d6c549c wd-section-stretch e-flex e-con-boxed wpr-particle-no wpr-jarallax-no wpr-parallax-no wpr-sticky-section-no wpr-equal-height-no e-con e-parent\" data-id=\"d6c549c\" data-element_type=\"container\" data-e-type=\"container\">\n\t\t\t\t\t<div class=\"e-con-inner\">\n\t\t\t\t<div class=\"elementor-element elementor-element-9f27394 elementor-widget elementor-widget-heading\" data-id=\"9f27394\" data-element_type=\"widget\" data-e-type=\"widget\" data-widget_type=\"heading.default\">\n\t\t\t\t<div class=\"elementor-widget-container\">\n\t\t\t\t\t<h2 class=\"elementor-heading-title elementor-size-default\">Recently published books<\/h2>\t\t\t\t<\/div>\n\t\t\t\t<\/div>\n\t\t\t\t<div class=\"elementor-element elementor-element-20ad46d elementor-widget-divider--view-line elementor-widget elementor-widget-divider\" data-id=\"20ad46d\" data-element_type=\"widget\" data-e-type=\"widget\" data-widget_type=\"divider.default\">\n\t\t\t\t<div class=\"elementor-widget-container\">\n\t\t\t\t\t\t\t<div class=\"elementor-divider\">\n\t\t\t<span class=\"elementor-divider-separator\">\n\t\t\t\t\t\t<\/span>\n\t\t<\/div>\n\t\t\t\t\t\t<\/div>\n\t\t\t\t<\/div>\n\t\t\t\t<div class=\"elementor-element elementor-element-d20390d wd-width-100 elementor-widget elementor-widget-wd_products\" data-id=\"d20390d\" data-element_type=\"widget\" data-e-type=\"widget\" data-widget_type=\"wd_products.default\">\n\t\t\t\t<div class=\"elementor-widget-container\">\n\t\t\t\t\t\t\t\t\t\t<div class=\"wd-products-element\">\n\n\t\t\t\n\t\t\t\n\t\t\t\n\t\t\t<div class=\"products wd-products grid-columns-4 elements-grid wd-grid-g wd-loop-builder-off\" data-paged=\"1\" data-atts=\"{&quot;speed&quot;:null,&quot;slides_per_view&quot;:null,&quot;wrap&quot;:null,&quot;autoplay&quot;:null,&quot;autoheight&quot;:null,&quot;hide_pagination_control&quot;:null,&quot;dynamic_pagination_control&quot;:null,&quot;hide_prev_next_buttons&quot;:null,&quot;carousel_arrows_position&quot;:null,&quot;hide_scrollbar&quot;:null,&quot;scroll_per_page&quot;:null,&quot;center_mode&quot;:null,&quot;spacing&quot;:&quot;&quot;,&quot;carousel_sync&quot;:null,&quot;sync_parent_id&quot;:null,&quot;sync_child_id&quot;:null,&quot;scroll_carousel_init&quot;:null,&quot;disable_overflow_carousel&quot;:null,&quot;include&quot;:null,&quot;orderby&quot;:&quot;date&quot;,&quot;meta_key&quot;:null,&quot;shop_tools&quot;:null,&quot;ajax_recently_viewed&quot;:null,&quot;pagination_arrows_position&quot;:null,&quot;list_spacing&quot;:null,&quot;columns&quot;:{&quot;unit&quot;:&quot;px&quot;,&quot;size&quot;:4,&quot;sizes&quot;:[]},&quot;products_masonry&quot;:&quot;&quot;,&quot;products_different_sizes&quot;:&quot;&quot;,&quot;product_quantity&quot;:&quot;&quot;,&quot;product_custom_hover&quot;:null,&quot;sale_countdown&quot;:&quot;0&quot;,&quot;stretch_product&quot;:null,&quot;stock_progress_bar&quot;:&quot;0&quot;,&quot;highlighted_products&quot;:&quot;0&quot;,&quot;products_divider&quot;:null,&quot;products_bordered_grid&quot;:&quot;0&quot;,&quot;products_bordered_grid_style&quot;:null,&quot;products_with_background&quot;:&quot;0&quot;,&quot;products_shadow&quot;:&quot;0&quot;,&quot;img_size&quot;:&quot;large&quot;,&quot;img_size_custom&quot;:null,&quot;grid_gallery_control&quot;:null,&quot;grid_gallery_enable_arrows&quot;:null,&quot;elementor&quot;:true,&quot;force_not_ajax&quot;:&quot;no&quot;}\" data-source=\"shortcode\" data-columns=\"4\" style=\"--wd-col-lg:4;--wd-col-md:4;--wd-col-sm:2;--wd-gap-lg:20px;--wd-gap-sm:10px;\">\n\t\t\n\t\t\t\t\t\t\t\t<div class=\"wd-product wd-col wd-hover-quick product-grid-item product type-product post-132660 status-publish instock product_cat-economia product_cat-cronica product_cat-literario has-post-thumbnail shipping-taxable product-type-simple\" data-loop=\"1\" data-id=\"132660\">\n\t\n<div class=\"wd-product-wrapper product-wrapper\">\n\t<div class=\"wd-product-thumb product-element-top wd-quick-shop\">\n\t\t<a href=\"https:\/\/www.pimentacultural.com\/en\/livro\/digital-seeds\/\" class=\"wd-product-img-link product-image-link\" tabindex=\"-1\" aria-label=\"Digital Seeds, Sustainable Yields: driving innovation and circularity in agribusiness\">\n\t\t\t<img loading=\"lazy\" decoding=\"async\" width=\"800\" height=\"800\" src=\"https:\/\/www.pimentacultural.com\/wp-content\/uploads\/2026\/04\/Pimenta_Cultural_digital-seeds-1-800x800.jpg\" class=\"attachment-large size-large\" alt=\"Pimenta Cultural digital seeds\" srcset=\"https:\/\/www.pimentacultural.com\/wp-content\/uploads\/2026\/04\/Pimenta_Cultural_digital-seeds-1-800x800.jpg 800w, https:\/\/www.pimentacultural.com\/wp-content\/uploads\/2026\/04\/Pimenta_Cultural_digital-seeds-1-300x300.jpg 300w, https:\/\/www.pimentacultural.com\/wp-content\/uploads\/2026\/04\/Pimenta_Cultural_digital-seeds-1-150x150.jpg 150w, https:\/\/www.pimentacultural.com\/wp-content\/uploads\/2026\/04\/Pimenta_Cultural_digital-seeds-1-768x768.jpg 768w, https:\/\/www.pimentacultural.com\/wp-content\/uploads\/2026\/04\/Pimenta_Cultural_digital-seeds-1-430x430.jpg 430w, https:\/\/www.pimentacultural.com\/wp-content\/uploads\/2026\/04\/Pimenta_Cultural_digital-seeds-1-700x700.jpg 700w, https:\/\/www.pimentacultural.com\/wp-content\/uploads\/2026\/04\/Pimenta_Cultural_digital-seeds-1.jpg 1000w\" sizes=\"auto, (max-width: 800px) 100vw, 800px\" \/>\t\t<\/a>\n\n\t\t\t\t<div class=\"wd-buttons wd-pos-r-t\">\n\t\t\t\t\t\t\t\t\t\t\t\t\t\t<\/div>\n\n\t\t\t\t\t<div class=\"wd-add-btn wd-add-btn-replace\">\n\t\t\t\t\n\t\t\t\t<a href=\"https:\/\/www.pimentacultural.com\/en\/livro\/digital-seeds\/\" aria-describedby=\"woocommerce_loop_add_to_cart_link_describedby_132660\" data-quantity=\"1\" class=\"button product_type_simple add-to-cart-loop\" data-product_id=\"132660\" data-product_sku=\"10349\" aria-label=\"Read more about &ldquo;Digital Seeds, Sustainable Yields: driving innovation and circularity in agribusiness&rdquo;\" rel=\"nofollow\" data-success_message=\"\"><span class=\"wd-action-icon\"><span class=\"wd-check-icon\"><\/span><\/span><span class=\"wd-action-text\">Download<\/span><\/a>\t<span id=\"woocommerce_loop_add_to_cart_link_describedby_132660\" class=\"screen-reader-text\">\n\t\t\t<\/span>\n\t\t\t\t\t\t\t<\/div>\n\t\t\t<\/div>\n\t\t\t<h3 class=\"wd-entities-title\"><a href=\"https:\/\/www.pimentacultural.com\/en\/livro\/digital-seeds\/\">Digital Seeds, Sustainable Yields: driving innovation and circularity in agribusiness<\/a><\/h3>\n\t\t\t\n\n\t\n\t\n\t\t<\/div>\n<\/div>\n\t\t\t\t\t\t\t\t<div class=\"wd-product wd-col wd-hover-quick product-grid-item product type-product post-132653 status-publish last instock product_cat-ciencias-sociais-aplicadas product_cat-direito has-post-thumbnail shipping-taxable product-type-simple\" data-loop=\"2\" data-id=\"132653\">\n\t\n<div class=\"wd-product-wrapper product-wrapper\">\n\t<div class=\"wd-product-thumb product-element-top wd-quick-shop\">\n\t\t<a href=\"https:\/\/www.pimentacultural.com\/en\/livro\/filosofia-direitos-humanos\/\" class=\"wd-product-img-link product-image-link\" tabindex=\"-1\" aria-label=\"Filosofia e direitos humanos: pensando a filosofia do direito em uma proposta decolonial\">\n\t\t\t<img loading=\"lazy\" decoding=\"async\" width=\"800\" height=\"800\" src=\"https:\/\/www.pimentacultural.com\/wp-content\/uploads\/2026\/04\/Pimenta_Cultural_filosofia-direitos-humanos-800x800.jpg\" class=\"attachment-large size-large\" alt=\"Pimenta Cultural filosofia direitos humanos\" srcset=\"https:\/\/www.pimentacultural.com\/wp-content\/uploads\/2026\/04\/Pimenta_Cultural_filosofia-direitos-humanos-800x800.jpg 800w, https:\/\/www.pimentacultural.com\/wp-content\/uploads\/2026\/04\/Pimenta_Cultural_filosofia-direitos-humanos-300x300.jpg 300w, https:\/\/www.pimentacultural.com\/wp-content\/uploads\/2026\/04\/Pimenta_Cultural_filosofia-direitos-humanos-150x150.jpg 150w, https:\/\/www.pimentacultural.com\/wp-content\/uploads\/2026\/04\/Pimenta_Cultural_filosofia-direitos-humanos-768x768.jpg 768w, https:\/\/www.pimentacultural.com\/wp-content\/uploads\/2026\/04\/Pimenta_Cultural_filosofia-direitos-humanos-430x430.jpg 430w, https:\/\/www.pimentacultural.com\/wp-content\/uploads\/2026\/04\/Pimenta_Cultural_filosofia-direitos-humanos-700x700.jpg 700w, https:\/\/www.pimentacultural.com\/wp-content\/uploads\/2026\/04\/Pimenta_Cultural_filosofia-direitos-humanos.jpg 1000w\" sizes=\"auto, (max-width: 800px) 100vw, 800px\" \/>\t\t<\/a>\n\n\t\t\t\t<div class=\"wd-buttons wd-pos-r-t\">\n\t\t\t\t\t\t\t\t\t\t\t\t\t\t<\/div>\n\n\t\t\t\t\t<div class=\"wd-add-btn wd-add-btn-replace\">\n\t\t\t\t\n\t\t\t\t<a href=\"https:\/\/www.pimentacultural.com\/en\/livro\/filosofia-direitos-humanos\/\" aria-describedby=\"woocommerce_loop_add_to_cart_link_describedby_132653\" data-quantity=\"1\" class=\"button product_type_simple add-to-cart-loop\" data-product_id=\"132653\" data-product_sku=\"9671(2)\" aria-label=\"Read more about &ldquo;Filosofia e direitos humanos: pensando a filosofia do direito em uma proposta decolonial&rdquo;\" rel=\"nofollow\" data-success_message=\"\"><span class=\"wd-action-icon\"><span class=\"wd-check-icon\"><\/span><\/span><span class=\"wd-action-text\">Download<\/span><\/a>\t<span id=\"woocommerce_loop_add_to_cart_link_describedby_132653\" class=\"screen-reader-text\">\n\t\t\t<\/span>\n\t\t\t\t\t\t\t<\/div>\n\t\t\t<\/div>\n\t\t\t<h3 class=\"wd-entities-title\"><a href=\"https:\/\/www.pimentacultural.com\/en\/livro\/filosofia-direitos-humanos\/\">Filosofia e direitos humanos: pensando a filosofia do direito em uma proposta decolonial<\/a><\/h3>\n\t\t\t\n\n\t\n\t\n\t\t<\/div>\n<\/div>\n\t\t\t\t\t\t\t\t<div class=\"wd-product wd-col wd-hover-quick product-grid-item product type-product post-132641 status-publish first instock product_cat-linguistica-letras-artes product_cat-letras has-post-thumbnail shipping-taxable product-type-simple\" data-loop=\"3\" data-id=\"132641\">\n\t\n<div class=\"wd-product-wrapper product-wrapper\">\n\t<div class=\"wd-product-thumb product-element-top wd-quick-shop\">\n\t\t<a href=\"https:\/\/www.pimentacultural.com\/en\/livro\/alem-paginas\/\" class=\"wd-product-img-link product-image-link\" tabindex=\"-1\" aria-label=\"Al\u00e9m das p\u00e1ginas: estudos em literatura comparada e intermidialidade\">\n\t\t\t<img loading=\"lazy\" decoding=\"async\" width=\"800\" height=\"800\" src=\"https:\/\/www.pimentacultural.com\/wp-content\/uploads\/2026\/04\/Pimenta_Cultural_alem-paginas-1-800x800.jpg\" class=\"attachment-large size-large\" alt=\"Pimenta Cultural alem paginas\" srcset=\"https:\/\/www.pimentacultural.com\/wp-content\/uploads\/2026\/04\/Pimenta_Cultural_alem-paginas-1-800x800.jpg 800w, https:\/\/www.pimentacultural.com\/wp-content\/uploads\/2026\/04\/Pimenta_Cultural_alem-paginas-1-300x300.jpg 300w, https:\/\/www.pimentacultural.com\/wp-content\/uploads\/2026\/04\/Pimenta_Cultural_alem-paginas-1-150x150.jpg 150w, https:\/\/www.pimentacultural.com\/wp-content\/uploads\/2026\/04\/Pimenta_Cultural_alem-paginas-1-768x768.jpg 768w, https:\/\/www.pimentacultural.com\/wp-content\/uploads\/2026\/04\/Pimenta_Cultural_alem-paginas-1-430x430.jpg 430w, https:\/\/www.pimentacultural.com\/wp-content\/uploads\/2026\/04\/Pimenta_Cultural_alem-paginas-1-700x700.jpg 700w, https:\/\/www.pimentacultural.com\/wp-content\/uploads\/2026\/04\/Pimenta_Cultural_alem-paginas-1.jpg 1000w\" sizes=\"auto, (max-width: 800px) 100vw, 800px\" \/>\t\t<\/a>\n\n\t\t\t\t<div class=\"wd-buttons wd-pos-r-t\">\n\t\t\t\t\t\t\t\t\t\t\t\t\t\t<\/div>\n\n\t\t\t\t\t<div class=\"wd-add-btn wd-add-btn-replace\">\n\t\t\t\t\n\t\t\t\t<a href=\"https:\/\/www.pimentacultural.com\/en\/livro\/alem-paginas\/\" aria-describedby=\"woocommerce_loop_add_to_cart_link_describedby_132641\" data-quantity=\"1\" class=\"button product_type_simple add-to-cart-loop\" data-product_id=\"132641\" data-product_sku=\"9726\" aria-label=\"Read more about &ldquo;Al\u00e9m das p\u00e1ginas: estudos em literatura comparada e intermidialidade&rdquo;\" rel=\"nofollow\" data-success_message=\"\"><span class=\"wd-action-icon\"><span class=\"wd-check-icon\"><\/span><\/span><span class=\"wd-action-text\">Download<\/span><\/a>\t<span id=\"woocommerce_loop_add_to_cart_link_describedby_132641\" class=\"screen-reader-text\">\n\t\t\t<\/span>\n\t\t\t\t\t\t\t<\/div>\n\t\t\t<\/div>\n\t\t\t<h3 class=\"wd-entities-title\"><a href=\"https:\/\/www.pimentacultural.com\/en\/livro\/alem-paginas\/\">Al\u00e9m das p\u00e1ginas: estudos em literatura comparada e intermidialidade<\/a><\/h3>\n\t\t\t\n\n\t\n\t\n\t\t<\/div>\n<\/div>\n\t\t\t\t\t\t\t\t<div class=\"wd-product wd-col wd-hover-quick product-grid-item product type-product post-132627 status-publish instock product_cat-ciencias-humanas product_cat-educacao has-post-thumbnail shipping-taxable product-type-simple\" data-loop=\"4\" data-id=\"132627\">\n\t\n<div class=\"wd-product-wrapper product-wrapper\">\n\t<div class=\"wd-product-thumb product-element-top wd-quick-shop\">\n\t\t<a href=\"https:\/\/www.pimentacultural.com\/en\/livro\/humanidades-inclusao-diversidade-2\/\" class=\"wd-product-img-link product-image-link\" tabindex=\"-1\" aria-label=\"Humanidades, diversidade e inclus\u00e3o no pensamento contempor\u00e2neo: volume 2\">\n\t\t\t<img loading=\"lazy\" decoding=\"async\" width=\"800\" height=\"800\" src=\"https:\/\/www.pimentacultural.com\/wp-content\/uploads\/2026\/04\/Pimenta_Cultural_humanidades-inclusao-diversidade-2-800x800.jpg\" class=\"attachment-large size-large\" alt=\"Pimenta Cultural humanidades inclusao diversidade 2\" srcset=\"https:\/\/www.pimentacultural.com\/wp-content\/uploads\/2026\/04\/Pimenta_Cultural_humanidades-inclusao-diversidade-2-800x800.jpg 800w, https:\/\/www.pimentacultural.com\/wp-content\/uploads\/2026\/04\/Pimenta_Cultural_humanidades-inclusao-diversidade-2-300x300.jpg 300w, https:\/\/www.pimentacultural.com\/wp-content\/uploads\/2026\/04\/Pimenta_Cultural_humanidades-inclusao-diversidade-2-150x150.jpg 150w, https:\/\/www.pimentacultural.com\/wp-content\/uploads\/2026\/04\/Pimenta_Cultural_humanidades-inclusao-diversidade-2-768x768.jpg 768w, https:\/\/www.pimentacultural.com\/wp-content\/uploads\/2026\/04\/Pimenta_Cultural_humanidades-inclusao-diversidade-2-430x430.jpg 430w, https:\/\/www.pimentacultural.com\/wp-content\/uploads\/2026\/04\/Pimenta_Cultural_humanidades-inclusao-diversidade-2-700x700.jpg 700w, https:\/\/www.pimentacultural.com\/wp-content\/uploads\/2026\/04\/Pimenta_Cultural_humanidades-inclusao-diversidade-2.jpg 1000w\" sizes=\"auto, (max-width: 800px) 100vw, 800px\" \/>\t\t<\/a>\n\n\t\t\t\t<div class=\"wd-buttons wd-pos-r-t\">\n\t\t\t\t\t\t\t\t\t\t\t\t\t\t<\/div>\n\n\t\t\t\t\t<div class=\"wd-add-btn wd-add-btn-replace\">\n\t\t\t\t\n\t\t\t\t<a href=\"https:\/\/www.pimentacultural.com\/en\/livro\/humanidades-inclusao-diversidade-2\/\" aria-describedby=\"woocommerce_loop_add_to_cart_link_describedby_132627\" data-quantity=\"1\" class=\"button product_type_simple add-to-cart-loop\" data-product_id=\"132627\" data-product_sku=\"5214\" aria-label=\"Read more about &ldquo;Humanidades, diversidade e inclus\u00e3o no pensamento contempor\u00e2neo: volume 2&rdquo;\" rel=\"nofollow\" data-success_message=\"\"><span class=\"wd-action-icon\"><span class=\"wd-check-icon\"><\/span><\/span><span class=\"wd-action-text\">Download<\/span><\/a>\t<span id=\"woocommerce_loop_add_to_cart_link_describedby_132627\" class=\"screen-reader-text\">\n\t\t\t<\/span>\n\t\t\t\t\t\t\t<\/div>\n\t\t\t<\/div>\n\t\t\t<h3 class=\"wd-entities-title\"><a href=\"https:\/\/www.pimentacultural.com\/en\/livro\/humanidades-inclusao-diversidade-2\/\">Humanidades, diversidade e inclus\u00e3o no pensamento contempor\u00e2neo: volume 2<\/a><\/h3>\n\t\t\t\n\n\t\n\t\n\t\t<\/div>\n<\/div>\n\t\t\t\t\t\t\t\t<div class=\"wd-product wd-col wd-hover-quick product-grid-item product type-product post-132611 status-publish last instock product_cat-linguistica-letras-artes product_cat-linguistica has-post-thumbnail shipping-taxable product-type-simple\" data-loop=\"5\" data-id=\"132611\">\n\t\n<div class=\"wd-product-wrapper product-wrapper\">\n\t<div class=\"wd-product-thumb product-element-top wd-quick-shop\">\n\t\t<a href=\"https:\/\/www.pimentacultural.com\/en\/livro\/metodologias-pesquisa-emocoes\/\" class=\"wd-product-img-link product-image-link\" tabindex=\"-1\" aria-label=\"Metodologias de pesquisa sobre emo\u00e7\u00f5es no ensino\/aprendizagem de l\u00ednguas no Brasil: um estado da arte (2005-2024)\">\n\t\t\t<img loading=\"lazy\" decoding=\"async\" width=\"800\" height=\"800\" src=\"https:\/\/www.pimentacultural.com\/wp-content\/uploads\/2026\/04\/Pimenta_Cultural_metodologias-pesquisa-emocoes-1-800x800.jpg\" class=\"attachment-large size-large\" alt=\"Pimenta Cultural metodologias pesquisa emocoes\" srcset=\"https:\/\/www.pimentacultural.com\/wp-content\/uploads\/2026\/04\/Pimenta_Cultural_metodologias-pesquisa-emocoes-1-800x800.jpg 800w, https:\/\/www.pimentacultural.com\/wp-content\/uploads\/2026\/04\/Pimenta_Cultural_metodologias-pesquisa-emocoes-1-300x300.jpg 300w, https:\/\/www.pimentacultural.com\/wp-content\/uploads\/2026\/04\/Pimenta_Cultural_metodologias-pesquisa-emocoes-1-150x150.jpg 150w, https:\/\/www.pimentacultural.com\/wp-content\/uploads\/2026\/04\/Pimenta_Cultural_metodologias-pesquisa-emocoes-1-768x768.jpg 768w, https:\/\/www.pimentacultural.com\/wp-content\/uploads\/2026\/04\/Pimenta_Cultural_metodologias-pesquisa-emocoes-1-430x430.jpg 430w, https:\/\/www.pimentacultural.com\/wp-content\/uploads\/2026\/04\/Pimenta_Cultural_metodologias-pesquisa-emocoes-1-700x700.jpg 700w, https:\/\/www.pimentacultural.com\/wp-content\/uploads\/2026\/04\/Pimenta_Cultural_metodologias-pesquisa-emocoes-1.jpg 1000w\" sizes=\"auto, (max-width: 800px) 100vw, 800px\" \/>\t\t<\/a>\n\n\t\t\t\t<div class=\"wd-buttons wd-pos-r-t\">\n\t\t\t\t\t\t\t\t\t\t\t\t\t\t<\/div>\n\n\t\t\t\t\t<div class=\"wd-add-btn wd-add-btn-replace\">\n\t\t\t\t\n\t\t\t\t<a href=\"https:\/\/www.pimentacultural.com\/en\/livro\/metodologias-pesquisa-emocoes\/\" aria-describedby=\"woocommerce_loop_add_to_cart_link_describedby_132611\" data-quantity=\"1\" class=\"button product_type_simple add-to-cart-loop\" data-product_id=\"132611\" data-product_sku=\"10357\" aria-label=\"Read more about &ldquo;Metodologias de pesquisa sobre emo\u00e7\u00f5es no ensino\/aprendizagem de l\u00ednguas no Brasil: um estado da arte (2005-2024)&rdquo;\" rel=\"nofollow\" data-success_message=\"\"><span class=\"wd-action-icon\"><span class=\"wd-check-icon\"><\/span><\/span><span class=\"wd-action-text\">Download<\/span><\/a>\t<span id=\"woocommerce_loop_add_to_cart_link_describedby_132611\" class=\"screen-reader-text\">\n\t\t\t<\/span>\n\t\t\t\t\t\t\t<\/div>\n\t\t\t<\/div>\n\t\t\t<h3 class=\"wd-entities-title\"><a href=\"https:\/\/www.pimentacultural.com\/en\/livro\/metodologias-pesquisa-emocoes\/\">Metodologias de pesquisa sobre emo\u00e7\u00f5es no ensino\/aprendizagem de l\u00ednguas no Brasil: um estado da arte (2005-2024)<\/a><\/h3>\n\t\t\t\n\n\t\n\t\n\t\t<\/div>\n<\/div>\n\t\t\t\t\t\t\t\t<div class=\"wd-product wd-col wd-hover-quick product-grid-item product type-product post-132604 status-publish first instock product_cat-ciencias-humanas product_cat-educacao has-post-thumbnail shipping-taxable product-type-simple\" data-loop=\"6\" data-id=\"132604\">\n\t\n<div class=\"wd-product-wrapper product-wrapper\">\n\t<div class=\"wd-product-thumb product-element-top wd-quick-shop\">\n\t\t<a href=\"https:\/\/www.pimentacultural.com\/en\/livro\/didatic-decada\/\" class=\"wd-product-img-link product-image-link\" tabindex=\"-1\" aria-label=\"DidaTic: uma d\u00e9cada de pesquisa, ensino e extens\u00e3o\">\n\t\t\t<img loading=\"lazy\" decoding=\"async\" width=\"800\" height=\"800\" src=\"https:\/\/www.pimentacultural.com\/wp-content\/uploads\/2026\/04\/Pimenta_Cultural_didatic-decada-800x800.jpg\" class=\"attachment-large size-large\" alt=\"Pimenta Cultural didatic decada\" srcset=\"https:\/\/www.pimentacultural.com\/wp-content\/uploads\/2026\/04\/Pimenta_Cultural_didatic-decada-800x800.jpg 800w, https:\/\/www.pimentacultural.com\/wp-content\/uploads\/2026\/04\/Pimenta_Cultural_didatic-decada-300x300.jpg 300w, https:\/\/www.pimentacultural.com\/wp-content\/uploads\/2026\/04\/Pimenta_Cultural_didatic-decada-150x150.jpg 150w, https:\/\/www.pimentacultural.com\/wp-content\/uploads\/2026\/04\/Pimenta_Cultural_didatic-decada-768x768.jpg 768w, https:\/\/www.pimentacultural.com\/wp-content\/uploads\/2026\/04\/Pimenta_Cultural_didatic-decada-430x430.jpg 430w, https:\/\/www.pimentacultural.com\/wp-content\/uploads\/2026\/04\/Pimenta_Cultural_didatic-decada-700x700.jpg 700w, https:\/\/www.pimentacultural.com\/wp-content\/uploads\/2026\/04\/Pimenta_Cultural_didatic-decada.jpg 1000w\" sizes=\"auto, (max-width: 800px) 100vw, 800px\" \/>\t\t<\/a>\n\n\t\t\t\t<div class=\"wd-buttons wd-pos-r-t\">\n\t\t\t\t\t\t\t\t\t\t\t\t\t\t<\/div>\n\n\t\t\t\t\t<div class=\"wd-add-btn wd-add-btn-replace\">\n\t\t\t\t\n\t\t\t\t<a href=\"https:\/\/www.pimentacultural.com\/en\/livro\/didatic-decada\/\" aria-describedby=\"woocommerce_loop_add_to_cart_link_describedby_132604\" data-quantity=\"1\" class=\"button product_type_simple add-to-cart-loop\" data-product_id=\"132604\" data-product_sku=\"10138\" aria-label=\"Read more about &ldquo;DidaTic: uma d\u00e9cada de pesquisa, ensino e extens\u00e3o&rdquo;\" rel=\"nofollow\" data-success_message=\"\"><span class=\"wd-action-icon\"><span class=\"wd-check-icon\"><\/span><\/span><span class=\"wd-action-text\">Download<\/span><\/a>\t<span id=\"woocommerce_loop_add_to_cart_link_describedby_132604\" class=\"screen-reader-text\">\n\t\t\t<\/span>\n\t\t\t\t\t\t\t<\/div>\n\t\t\t<\/div>\n\t\t\t<h3 class=\"wd-entities-title\"><a href=\"https:\/\/www.pimentacultural.com\/en\/livro\/didatic-decada\/\">DidaTic: uma d\u00e9cada de pesquisa, ensino e extens\u00e3o<\/a><\/h3>\n\t\t\t\n\n\t\n\t\n\t\t<\/div>\n<\/div>\n\t\t\t\t\t\t\t\t<div class=\"wd-product wd-col wd-hover-quick product-grid-item product type-product post-132566 status-publish instock product_cat-ciencias-humanas product_cat-educacao has-post-thumbnail shipping-taxable product-type-simple\" data-loop=\"7\" data-id=\"132566\">\n\t\n<div class=\"wd-product-wrapper product-wrapper\">\n\t<div class=\"wd-product-thumb product-element-top wd-quick-shop\">\n\t\t<a href=\"https:\/\/www.pimentacultural.com\/en\/livro\/ensino-biologia-interdisciplinaridade-1\/\" class=\"wd-product-img-link product-image-link\" tabindex=\"-1\" aria-label=\"Ensino de Biologia e Interdisciplinaridade: pr\u00e1ticas que atravessam, travessias que (a)colhem &#8211; Colet\u00e2nea de trabalhos do VI Encontro Regional de Ensino de Biologia, 2\u00ba Simp\u00f3sio de Programas Institucionais de Forma\u00e7\u00e3o Inicial de Professores e 5\u00aa Semana das Licenciaturas da Universidade Federal do ABC &#8211; Volume 1\">\n\t\t\t<img loading=\"lazy\" decoding=\"async\" width=\"800\" height=\"800\" src=\"https:\/\/www.pimentacultural.com\/wp-content\/uploads\/2026\/04\/Pimenta_Cultural_ensino-biologia-interdisciplinaridade-1-800x800.jpg\" class=\"attachment-large size-large\" alt=\"Pimenta Cultural ensino biologia interdisciplinaridade 1\" srcset=\"https:\/\/www.pimentacultural.com\/wp-content\/uploads\/2026\/04\/Pimenta_Cultural_ensino-biologia-interdisciplinaridade-1-800x800.jpg 800w, https:\/\/www.pimentacultural.com\/wp-content\/uploads\/2026\/04\/Pimenta_Cultural_ensino-biologia-interdisciplinaridade-1-300x300.jpg 300w, https:\/\/www.pimentacultural.com\/wp-content\/uploads\/2026\/04\/Pimenta_Cultural_ensino-biologia-interdisciplinaridade-1-150x150.jpg 150w, https:\/\/www.pimentacultural.com\/wp-content\/uploads\/2026\/04\/Pimenta_Cultural_ensino-biologia-interdisciplinaridade-1-768x768.jpg 768w, https:\/\/www.pimentacultural.com\/wp-content\/uploads\/2026\/04\/Pimenta_Cultural_ensino-biologia-interdisciplinaridade-1-430x430.jpg 430w, https:\/\/www.pimentacultural.com\/wp-content\/uploads\/2026\/04\/Pimenta_Cultural_ensino-biologia-interdisciplinaridade-1-700x700.jpg 700w, https:\/\/www.pimentacultural.com\/wp-content\/uploads\/2026\/04\/Pimenta_Cultural_ensino-biologia-interdisciplinaridade-1.jpg 1000w\" sizes=\"auto, (max-width: 800px) 100vw, 800px\" \/>\t\t<\/a>\n\n\t\t\t\t<div class=\"wd-buttons wd-pos-r-t\">\n\t\t\t\t\t\t\t\t\t\t\t\t\t\t<\/div>\n\n\t\t\t\t\t<div class=\"wd-add-btn wd-add-btn-replace\">\n\t\t\t\t\n\t\t\t\t<a href=\"https:\/\/www.pimentacultural.com\/en\/livro\/ensino-biologia-interdisciplinaridade-1\/\" aria-describedby=\"woocommerce_loop_add_to_cart_link_describedby_132566\" data-quantity=\"1\" class=\"button product_type_simple add-to-cart-loop\" data-product_id=\"132566\" data-product_sku=\"8935(1)\" aria-label=\"Read more about &ldquo;Ensino de Biologia e Interdisciplinaridade: pr\u00e1ticas que atravessam, travessias que (a)colhem - Colet\u00e2nea de trabalhos do VI Encontro Regional de Ensino de Biologia, 2\u00ba Simp\u00f3sio de Programas Institucionais de Forma\u00e7\u00e3o Inicial de Professores e 5\u00aa Semana das Licenciaturas da Universidade Federal do ABC - Volume 1&rdquo;\" rel=\"nofollow\" data-success_message=\"\"><span class=\"wd-action-icon\"><span class=\"wd-check-icon\"><\/span><\/span><span class=\"wd-action-text\">Download<\/span><\/a>\t<span id=\"woocommerce_loop_add_to_cart_link_describedby_132566\" class=\"screen-reader-text\">\n\t\t\t<\/span>\n\t\t\t\t\t\t\t<\/div>\n\t\t\t<\/div>\n\t\t\t<h3 class=\"wd-entities-title\"><a href=\"https:\/\/www.pimentacultural.com\/en\/livro\/ensino-biologia-interdisciplinaridade-1\/\">Ensino de Biologia e Interdisciplinaridade: pr\u00e1ticas que atravessam, travessias que (a)colhem &#8211; Colet\u00e2nea de trabalhos do VI Encontro Regional de Ensino de Biologia, 2\u00ba Simp\u00f3sio de Programas Institucionais de Forma\u00e7\u00e3o Inicial de Professores e 5\u00aa Semana das Licenciaturas da Universidade Federal do ABC &#8211; Volume 1<\/a><\/h3>\n\t\t\t\n\n\t\n\t\n\t\t<\/div>\n<\/div>\n\t\t\t\t\t\t\t\t<div class=\"wd-product wd-col wd-hover-quick product-grid-item product type-product post-132558 status-publish last instock product_cat-ciencias-humanas product_cat-educacao has-post-thumbnail shipping-taxable product-type-simple\" data-loop=\"8\" data-id=\"132558\">\n\t\n<div class=\"wd-product-wrapper product-wrapper\">\n\t<div class=\"wd-product-thumb product-element-top wd-quick-shop\">\n\t\t<a href=\"https:\/\/www.pimentacultural.com\/en\/livro\/ensino-biologia-interdisciplinaridade-2\/\" class=\"wd-product-img-link product-image-link\" tabindex=\"-1\" aria-label=\"Ensino de Biologia e Interdisciplinaridade: pr\u00e1ticas que atravessam, travessias que (a)colhem &#8211; Colet\u00e2nea de trabalhos do VI Encontro Regional de Ensino de Biologia, 2\u00ba Simp\u00f3sio de Programas Institucionais de Forma\u00e7\u00e3o Inicial de Professores e 5\u00aa Semana das Licenciaturas da Universidade Federal do ABC &#8211; Volume 2\">\n\t\t\t<img loading=\"lazy\" decoding=\"async\" width=\"800\" height=\"800\" src=\"https:\/\/www.pimentacultural.com\/wp-content\/uploads\/2026\/04\/Pimenta_Cultural_ensino-biologia-interdisciplinaridade-2-800x800.jpg\" class=\"attachment-large size-large\" alt=\"Pimenta Cultural ensino biologia interdisciplinaridade 2\" srcset=\"https:\/\/www.pimentacultural.com\/wp-content\/uploads\/2026\/04\/Pimenta_Cultural_ensino-biologia-interdisciplinaridade-2-800x800.jpg 800w, https:\/\/www.pimentacultural.com\/wp-content\/uploads\/2026\/04\/Pimenta_Cultural_ensino-biologia-interdisciplinaridade-2-300x300.jpg 300w, https:\/\/www.pimentacultural.com\/wp-content\/uploads\/2026\/04\/Pimenta_Cultural_ensino-biologia-interdisciplinaridade-2-150x150.jpg 150w, https:\/\/www.pimentacultural.com\/wp-content\/uploads\/2026\/04\/Pimenta_Cultural_ensino-biologia-interdisciplinaridade-2-768x768.jpg 768w, https:\/\/www.pimentacultural.com\/wp-content\/uploads\/2026\/04\/Pimenta_Cultural_ensino-biologia-interdisciplinaridade-2-430x430.jpg 430w, https:\/\/www.pimentacultural.com\/wp-content\/uploads\/2026\/04\/Pimenta_Cultural_ensino-biologia-interdisciplinaridade-2-700x700.jpg 700w, https:\/\/www.pimentacultural.com\/wp-content\/uploads\/2026\/04\/Pimenta_Cultural_ensino-biologia-interdisciplinaridade-2.jpg 1000w\" sizes=\"auto, (max-width: 800px) 100vw, 800px\" \/>\t\t<\/a>\n\n\t\t\t\t<div class=\"wd-buttons wd-pos-r-t\">\n\t\t\t\t\t\t\t\t\t\t\t\t\t\t<\/div>\n\n\t\t\t\t\t<div class=\"wd-add-btn wd-add-btn-replace\">\n\t\t\t\t\n\t\t\t\t<a href=\"https:\/\/www.pimentacultural.com\/en\/livro\/ensino-biologia-interdisciplinaridade-2\/\" aria-describedby=\"woocommerce_loop_add_to_cart_link_describedby_132558\" data-quantity=\"1\" class=\"button product_type_simple add-to-cart-loop\" data-product_id=\"132558\" data-product_sku=\"8935(2)\" aria-label=\"Read more about &ldquo;Ensino de Biologia e Interdisciplinaridade: pr\u00e1ticas que atravessam, travessias que (a)colhem - Colet\u00e2nea de trabalhos do VI Encontro Regional de Ensino de Biologia, 2\u00ba Simp\u00f3sio de Programas Institucionais de Forma\u00e7\u00e3o Inicial de Professores e 5\u00aa Semana das Licenciaturas da Universidade Federal do ABC - Volume 2&rdquo;\" rel=\"nofollow\" data-success_message=\"\"><span class=\"wd-action-icon\"><span class=\"wd-check-icon\"><\/span><\/span><span class=\"wd-action-text\">Download<\/span><\/a>\t<span id=\"woocommerce_loop_add_to_cart_link_describedby_132558\" class=\"screen-reader-text\">\n\t\t\t<\/span>\n\t\t\t\t\t\t\t<\/div>\n\t\t\t<\/div>\n\t\t\t<h3 class=\"wd-entities-title\"><a href=\"https:\/\/www.pimentacultural.com\/en\/livro\/ensino-biologia-interdisciplinaridade-2\/\">Ensino de Biologia e Interdisciplinaridade: pr\u00e1ticas que atravessam, travessias que (a)colhem &#8211; Colet\u00e2nea de trabalhos do VI Encontro Regional de Ensino de Biologia, 2\u00ba Simp\u00f3sio de Programas Institucionais de Forma\u00e7\u00e3o Inicial de Professores e 5\u00aa Semana das Licenciaturas da Universidade Federal do ABC &#8211; Volume 2<\/a><\/h3>\n\t\t\t\n\n\t\n\t\n\t\t<\/div>\n<\/div>\n\t\t\t\t\t\t\t\t<div class=\"wd-product wd-col wd-hover-quick product-grid-item product type-product post-132548 status-publish first instock product_cat-ciencias-humanas product_cat-educacao has-post-thumbnail shipping-taxable product-type-simple\" data-loop=\"9\" data-id=\"132548\">\n\t\n<div class=\"wd-product-wrapper product-wrapper\">\n\t<div class=\"wd-product-thumb product-element-top wd-quick-shop\">\n\t\t<a href=\"https:\/\/www.pimentacultural.com\/en\/livro\/imanencia-transcendencia\/\" class=\"wd-product-img-link product-image-link\" tabindex=\"-1\" aria-label=\"Iman\u00eancia e transcend\u00eancia: duas leituras de Marx e suas implica\u00e7\u00f5es para uma teoria da educa\u00e7\u00e3o\">\n\t\t\t<img loading=\"lazy\" decoding=\"async\" width=\"800\" height=\"800\" src=\"https:\/\/www.pimentacultural.com\/wp-content\/uploads\/2026\/03\/Pimenta_Cultural_imanencia-transcendencia-800x800.jpg\" class=\"attachment-large size-large\" alt=\"Pimenta Cultural imanencia transcendencia\" srcset=\"https:\/\/www.pimentacultural.com\/wp-content\/uploads\/2026\/03\/Pimenta_Cultural_imanencia-transcendencia-800x800.jpg 800w, https:\/\/www.pimentacultural.com\/wp-content\/uploads\/2026\/03\/Pimenta_Cultural_imanencia-transcendencia-300x300.jpg 300w, https:\/\/www.pimentacultural.com\/wp-content\/uploads\/2026\/03\/Pimenta_Cultural_imanencia-transcendencia-150x150.jpg 150w, https:\/\/www.pimentacultural.com\/wp-content\/uploads\/2026\/03\/Pimenta_Cultural_imanencia-transcendencia-768x768.jpg 768w, https:\/\/www.pimentacultural.com\/wp-content\/uploads\/2026\/03\/Pimenta_Cultural_imanencia-transcendencia-430x430.jpg 430w, https:\/\/www.pimentacultural.com\/wp-content\/uploads\/2026\/03\/Pimenta_Cultural_imanencia-transcendencia-700x700.jpg 700w, https:\/\/www.pimentacultural.com\/wp-content\/uploads\/2026\/03\/Pimenta_Cultural_imanencia-transcendencia.jpg 1000w\" sizes=\"auto, (max-width: 800px) 100vw, 800px\" \/>\t\t<\/a>\n\n\t\t\t\t<div class=\"wd-buttons wd-pos-r-t\">\n\t\t\t\t\t\t\t\t\t\t\t\t\t\t<\/div>\n\n\t\t\t\t\t<div class=\"wd-add-btn wd-add-btn-replace\">\n\t\t\t\t\n\t\t\t\t<a href=\"https:\/\/www.pimentacultural.com\/en\/livro\/imanencia-transcendencia\/\" aria-describedby=\"woocommerce_loop_add_to_cart_link_describedby_132548\" data-quantity=\"1\" class=\"button product_type_simple add-to-cart-loop\" data-product_id=\"132548\" data-product_sku=\"9353(1)\" aria-label=\"Read more about &ldquo;Iman\u00eancia e transcend\u00eancia: duas leituras de Marx e suas implica\u00e7\u00f5es para uma teoria da educa\u00e7\u00e3o&rdquo;\" rel=\"nofollow\" data-success_message=\"\"><span class=\"wd-action-icon\"><span class=\"wd-check-icon\"><\/span><\/span><span class=\"wd-action-text\">Download<\/span><\/a>\t<span id=\"woocommerce_loop_add_to_cart_link_describedby_132548\" class=\"screen-reader-text\">\n\t\t\t<\/span>\n\t\t\t\t\t\t\t<\/div>\n\t\t\t<\/div>\n\t\t\t<h3 class=\"wd-entities-title\"><a href=\"https:\/\/www.pimentacultural.com\/en\/livro\/imanencia-transcendencia\/\">Iman\u00eancia e transcend\u00eancia: duas leituras de Marx e suas implica\u00e7\u00f5es para uma teoria da educa\u00e7\u00e3o<\/a><\/h3>\n\t\t\t\n\n\t\n\t\n\t\t<\/div>\n<\/div>\n\t\t\t\t\t\t\t\t<div class=\"wd-product wd-col wd-hover-quick product-grid-item product type-product post-132542 status-publish instock product_cat-sociologia product_cat-ciencias-humanas has-post-thumbnail shipping-taxable product-type-simple\" data-loop=\"10\" data-id=\"132542\">\n\t\n<div class=\"wd-product-wrapper product-wrapper\">\n\t<div class=\"wd-product-thumb product-element-top wd-quick-shop\">\n\t\t<a href=\"https:\/\/www.pimentacultural.com\/en\/livro\/trabalho-nao-classico\/\" class=\"wd-product-img-link product-image-link\" tabindex=\"-1\" aria-label=\"Trabalho n\u00e3o cl\u00e1ssico: perspectiva epist\u00eamico-te\u00f3rico-metodol\u00f3gica para compreens\u00e3o do mundo laboral\">\n\t\t\t<img loading=\"lazy\" decoding=\"async\" width=\"800\" height=\"800\" src=\"https:\/\/www.pimentacultural.com\/wp-content\/uploads\/2026\/03\/Pimenta_Cultural_trabalho-nao-classico-800x800.jpg\" class=\"attachment-large size-large\" alt=\"Pimenta Cultural trabalho nao classico\" srcset=\"https:\/\/www.pimentacultural.com\/wp-content\/uploads\/2026\/03\/Pimenta_Cultural_trabalho-nao-classico-800x800.jpg 800w, https:\/\/www.pimentacultural.com\/wp-content\/uploads\/2026\/03\/Pimenta_Cultural_trabalho-nao-classico-300x300.jpg 300w, https:\/\/www.pimentacultural.com\/wp-content\/uploads\/2026\/03\/Pimenta_Cultural_trabalho-nao-classico-150x150.jpg 150w, https:\/\/www.pimentacultural.com\/wp-content\/uploads\/2026\/03\/Pimenta_Cultural_trabalho-nao-classico-768x768.jpg 768w, https:\/\/www.pimentacultural.com\/wp-content\/uploads\/2026\/03\/Pimenta_Cultural_trabalho-nao-classico-430x430.jpg 430w, https:\/\/www.pimentacultural.com\/wp-content\/uploads\/2026\/03\/Pimenta_Cultural_trabalho-nao-classico-700x700.jpg 700w, https:\/\/www.pimentacultural.com\/wp-content\/uploads\/2026\/03\/Pimenta_Cultural_trabalho-nao-classico.jpg 1000w\" sizes=\"auto, (max-width: 800px) 100vw, 800px\" \/>\t\t<\/a>\n\n\t\t\t\t<div class=\"wd-buttons wd-pos-r-t\">\n\t\t\t\t\t\t\t\t\t\t\t\t\t\t<\/div>\n\n\t\t\t\t\t<div class=\"wd-add-btn wd-add-btn-replace\">\n\t\t\t\t\n\t\t\t\t<a href=\"https:\/\/www.pimentacultural.com\/en\/livro\/trabalho-nao-classico\/\" aria-describedby=\"woocommerce_loop_add_to_cart_link_describedby_132542\" data-quantity=\"1\" class=\"button product_type_simple add-to-cart-loop\" data-product_id=\"132542\" data-product_sku=\"10154\" aria-label=\"Read more about &ldquo;Trabalho n\u00e3o cl\u00e1ssico: perspectiva epist\u00eamico-te\u00f3rico-metodol\u00f3gica para compreens\u00e3o do mundo laboral&rdquo;\" rel=\"nofollow\" data-success_message=\"\"><span class=\"wd-action-icon\"><span class=\"wd-check-icon\"><\/span><\/span><span class=\"wd-action-text\">Download<\/span><\/a>\t<span id=\"woocommerce_loop_add_to_cart_link_describedby_132542\" class=\"screen-reader-text\">\n\t\t\t<\/span>\n\t\t\t\t\t\t\t<\/div>\n\t\t\t<\/div>\n\t\t\t<h3 class=\"wd-entities-title\"><a href=\"https:\/\/www.pimentacultural.com\/en\/livro\/trabalho-nao-classico\/\">Trabalho n\u00e3o cl\u00e1ssico: perspectiva epist\u00eamico-te\u00f3rico-metodol\u00f3gica para compreens\u00e3o do mundo laboral<\/a><\/h3>\n\t\t\t\n\n\t\n\t\n\t\t<\/div>\n<\/div>\n\t\t\t\t\t\t\t\t<div class=\"wd-product wd-col wd-hover-quick product-grid-item product type-product post-132536 status-publish last instock product_cat-linguistica-letras-artes product_cat-linguistica has-post-thumbnail shipping-taxable product-type-simple\" data-loop=\"11\" data-id=\"132536\">\n\t\n<div class=\"wd-product-wrapper product-wrapper\">\n\t<div class=\"wd-product-thumb product-element-top wd-quick-shop\">\n\t\t<a href=\"https:\/\/www.pimentacultural.com\/en\/livro\/ensino-lingua-portuguesa\/\" class=\"wd-product-img-link product-image-link\" tabindex=\"-1\" aria-label=\"Ensino de L\u00edngua Portuguesa: reflex\u00f5es para al\u00e9m da pr\u00e1tica\">\n\t\t\t<img loading=\"lazy\" decoding=\"async\" width=\"800\" height=\"800\" src=\"https:\/\/www.pimentacultural.com\/wp-content\/uploads\/2026\/03\/Pimenta_Cultural_ensino-lingua-portuguesa-800x800.jpg\" class=\"attachment-large size-large\" alt=\"Pimenta Cultural ensino lingua portuguesa\" srcset=\"https:\/\/www.pimentacultural.com\/wp-content\/uploads\/2026\/03\/Pimenta_Cultural_ensino-lingua-portuguesa-800x800.jpg 800w, https:\/\/www.pimentacultural.com\/wp-content\/uploads\/2026\/03\/Pimenta_Cultural_ensino-lingua-portuguesa-300x300.jpg 300w, https:\/\/www.pimentacultural.com\/wp-content\/uploads\/2026\/03\/Pimenta_Cultural_ensino-lingua-portuguesa-150x150.jpg 150w, https:\/\/www.pimentacultural.com\/wp-content\/uploads\/2026\/03\/Pimenta_Cultural_ensino-lingua-portuguesa-768x768.jpg 768w, https:\/\/www.pimentacultural.com\/wp-content\/uploads\/2026\/03\/Pimenta_Cultural_ensino-lingua-portuguesa-430x430.jpg 430w, https:\/\/www.pimentacultural.com\/wp-content\/uploads\/2026\/03\/Pimenta_Cultural_ensino-lingua-portuguesa-700x700.jpg 700w, https:\/\/www.pimentacultural.com\/wp-content\/uploads\/2026\/03\/Pimenta_Cultural_ensino-lingua-portuguesa.jpg 1000w\" sizes=\"auto, (max-width: 800px) 100vw, 800px\" \/>\t\t<\/a>\n\n\t\t\t\t<div class=\"wd-buttons wd-pos-r-t\">\n\t\t\t\t\t\t\t\t\t\t\t\t\t\t<\/div>\n\n\t\t\t\t\t<div class=\"wd-add-btn wd-add-btn-replace\">\n\t\t\t\t\n\t\t\t\t<a href=\"https:\/\/www.pimentacultural.com\/en\/livro\/ensino-lingua-portuguesa\/\" aria-describedby=\"woocommerce_loop_add_to_cart_link_describedby_132536\" data-quantity=\"1\" class=\"button product_type_simple add-to-cart-loop\" data-product_id=\"132536\" data-product_sku=\"8928\" aria-label=\"Read more about &ldquo;Ensino de L\u00edngua Portuguesa: reflex\u00f5es para al\u00e9m da pr\u00e1tica&rdquo;\" rel=\"nofollow\" data-success_message=\"\"><span class=\"wd-action-icon\"><span class=\"wd-check-icon\"><\/span><\/span><span class=\"wd-action-text\">Download<\/span><\/a>\t<span id=\"woocommerce_loop_add_to_cart_link_describedby_132536\" class=\"screen-reader-text\">\n\t\t\t<\/span>\n\t\t\t\t\t\t\t<\/div>\n\t\t\t<\/div>\n\t\t\t<h3 class=\"wd-entities-title\"><a href=\"https:\/\/www.pimentacultural.com\/en\/livro\/ensino-lingua-portuguesa\/\">Ensino de L\u00edngua Portuguesa: reflex\u00f5es para al\u00e9m da pr\u00e1tica<\/a><\/h3>\n\t\t\t\n\n\t\n\t\n\t\t<\/div>\n<\/div>\n\t\t\t\t\t\t\t\t<div class=\"wd-product wd-col wd-hover-quick product-grid-item product type-product post-132524 status-publish first instock product_cat-antropologia product_cat-ciencias-humanas has-post-thumbnail shipping-taxable product-type-simple\" data-loop=\"12\" data-id=\"132524\">\n\t\n<div class=\"wd-product-wrapper product-wrapper\">\n\t<div class=\"wd-product-thumb product-element-top wd-quick-shop\">\n\t\t<a href=\"https:\/\/www.pimentacultural.com\/en\/livro\/conexoes-leopoldina\/\" class=\"wd-product-img-link product-image-link\" tabindex=\"-1\" aria-label=\"Conex\u00f5es: Leopoldina, choro e samba\">\n\t\t\t<img loading=\"lazy\" decoding=\"async\" width=\"800\" height=\"800\" src=\"https:\/\/www.pimentacultural.com\/wp-content\/uploads\/2026\/03\/Pimenta_Cultural_conexoes-leopoldina-800x800.jpg\" class=\"attachment-large size-large\" alt=\"Pimenta Cultural conexoes leopoldina\" srcset=\"https:\/\/www.pimentacultural.com\/wp-content\/uploads\/2026\/03\/Pimenta_Cultural_conexoes-leopoldina-800x800.jpg 800w, https:\/\/www.pimentacultural.com\/wp-content\/uploads\/2026\/03\/Pimenta_Cultural_conexoes-leopoldina-300x300.jpg 300w, https:\/\/www.pimentacultural.com\/wp-content\/uploads\/2026\/03\/Pimenta_Cultural_conexoes-leopoldina-150x150.jpg 150w, https:\/\/www.pimentacultural.com\/wp-content\/uploads\/2026\/03\/Pimenta_Cultural_conexoes-leopoldina-768x768.jpg 768w, https:\/\/www.pimentacultural.com\/wp-content\/uploads\/2026\/03\/Pimenta_Cultural_conexoes-leopoldina-430x430.jpg 430w, https:\/\/www.pimentacultural.com\/wp-content\/uploads\/2026\/03\/Pimenta_Cultural_conexoes-leopoldina-700x700.jpg 700w, https:\/\/www.pimentacultural.com\/wp-content\/uploads\/2026\/03\/Pimenta_Cultural_conexoes-leopoldina.jpg 1000w\" sizes=\"auto, (max-width: 800px) 100vw, 800px\" \/>\t\t<\/a>\n\n\t\t\t\t<div class=\"wd-buttons wd-pos-r-t\">\n\t\t\t\t\t\t\t\t\t\t\t\t\t\t<\/div>\n\n\t\t\t\t\t<div class=\"wd-add-btn wd-add-btn-replace\">\n\t\t\t\t\n\t\t\t\t<a href=\"https:\/\/www.pimentacultural.com\/en\/livro\/conexoes-leopoldina\/\" aria-describedby=\"woocommerce_loop_add_to_cart_link_describedby_132524\" data-quantity=\"1\" class=\"button product_type_simple add-to-cart-loop\" data-product_id=\"132524\" data-product_sku=\"10281(1)\" aria-label=\"Read more about &ldquo;Conex\u00f5es: Leopoldina, choro e samba&rdquo;\" rel=\"nofollow\" data-success_message=\"\"><span class=\"wd-action-icon\"><span class=\"wd-check-icon\"><\/span><\/span><span class=\"wd-action-text\">Download<\/span><\/a>\t<span id=\"woocommerce_loop_add_to_cart_link_describedby_132524\" class=\"screen-reader-text\">\n\t\t\t<\/span>\n\t\t\t\t\t\t\t<\/div>\n\t\t\t<\/div>\n\t\t\t<h3 class=\"wd-entities-title\"><a href=\"https:\/\/www.pimentacultural.com\/en\/livro\/conexoes-leopoldina\/\">Conex\u00f5es: Leopoldina, choro e samba<\/a><\/h3>\n\t\t\t\n\n\t\n\t\n\t\t<\/div>\n<\/div>\n\t\t\n\t\t\t\t<\/div>\n\t\n\t\t\n\t\t\n\t\t\t\t\t<\/div>\n\t\t\n\t\t\t\t\t\t<\/div>\n\t\t\t\t<\/div>\n\t\t\t\t\t<\/div>\n\t\t\t\t<\/div>\n\t\t\t\t<\/div>\n\t\t","protected":false},"excerpt":{"rendered":"<p>About Open Access books Pimenta Cultural publishes and helps authors to disseminate their research and bring it to the widest<\/p>\n","protected":false},"author":3,"featured_media":0,"parent":0,"menu_order":0,"comment_status":"closed","ping_status":"closed","template":"","meta":{"footnotes":""},"folder":[],"class_list":["post-43144","page","type-page","status-publish","hentry"],"_links":{"self":[{"href":"https:\/\/www.pimentacultural.com\/en\/wp-json\/wp\/v2\/pages\/43144","targetHints":{"allow":["GET"]}}],"collection":[{"href":"https:\/\/www.pimentacultural.com\/en\/wp-json\/wp\/v2\/pages"}],"about":[{"href":"https:\/\/www.pimentacultural.com\/en\/wp-json\/wp\/v2\/types\/page"}],"author":[{"embeddable":true,"href":"https:\/\/www.pimentacultural.com\/en\/wp-json\/wp\/v2\/users\/3"}],"replies":[{"embeddable":true,"href":"https:\/\/www.pimentacultural.com\/en\/wp-json\/wp\/v2\/comments?post=43144"}],"version-history":[{"count":0,"href":"https:\/\/www.pimentacultural.com\/en\/wp-json\/wp\/v2\/pages\/43144\/revisions"}],"wp:attachment":[{"href":"https:\/\/www.pimentacultural.com\/en\/wp-json\/wp\/v2\/media?parent=43144"}],"wp:term":[{"taxonomy":"folder","embeddable":true,"href":"https:\/\/www.pimentacultural.com\/en\/wp-json\/wp\/v2\/folder?post=43144"}],"curies":[{"name":"wp","href":"https:\/\/api.w.org\/{rel}","templated":true}]}}